{"id":17709,"date":"2021-04-08T15:03:35","date_gmt":"2021-04-08T13:03:35","guid":{"rendered":"https:\/\/www.medulinriviera.info\/?post_type=activity&#038;p=17709"},"modified":"2021-11-02T11:55:01","modified_gmt":"2021-11-02T10:55:01","slug":"137-sensory-didactic-path-gradine","status":"publish","type":"activity","link":"https:\/\/www.medulinriviera.info\/hr\/activity\/137-sensory-didactic-path-gradine\/","title":{"rendered":"137 &#8211; Osjetilno-didakti\u010dka \u0161etnica Gradine"},"content":{"rendered":"\n<iframe loading=\"lazy\" class=\"alltrails\" src=\"https:\/\/www.alltrails.com\/widget\/map\/map-5c645cc--43?u=m\" width=\"100%\" height=\"400\" frameborder=\"0\" scrolling=\"no\" marginheight=\"0\" marginwidth=\"0\" title=\"AllTrails: Trail Guides and Maps for Hiking, Camping, and Running\"><\/iframe>\n\n\n\n<div class=\"wp-block-buttons is-layout-flex wp-block-buttons-is-layout-flex\">\n<div class=\"wp-block-button has-custom-width wp-block-button__width-100 btn-routes-download\"><a class=\"wp-block-button__link\" href=\"https:\/\/www.istria-trails.com\/.app\/download.php?file=T137-Staza_Gradine.gpx\">Download route<\/a><\/div>\n<\/div>\n\n\n\n<p>Zanimljiva pou\u010dna \u0161etnica zapo\u010dinje na \u0161umskom putu s desne strane pri dolasku u Premanturu, to\u010dnije kod &nbsp;\u0161pilje Majke Bo\u017eje Lurdske na Gornjem Kamenjaku.<\/p>\n\n\n\n<p>Staza nije te\u0161ka &#8211; za otprilike sat vremena, koliko \u0107e vam trebati da je pro\u0111ete, u\u017eivat \u0107ete u lijepim vidicima, prekrasnoj prirodi, mirisu i plavetnilu mora, koje \u0107ete gotovo cijelim putem vidjeti.<\/p>\n\n\n\n<p>Dok \u0161e\u0107ete stazom nizat \u0107e se prirodne ljepote i od ljudskih ruku izgra\u0111ene zanimljivosti \u2013 od \u0161pilje do Castruma i reflektorske postaje te bitnice Gomila, a pored svake od njih nai\u0107i \u0107ete na tabelu sa zanimljivim informacijama, pa mo\u017eete i pone\u0161to saznati o povijesti ovog krajolika. Naime, u doba austro-ugarske vladavine Istrom podru\u010dje Donjeg i Gornjeg Kamenjaka bilo je dio obrambene linije grada Pule. Upravo radi obrane Pule izgra\u0111en je \u010ditav niz bunkera, bitnica i ostale infrastrukture, a koje se i danas nalaze u prostor i vrlo su atraktivne.<\/p>\n\n\n\n<p>Svakako preporu\u010damo da zastanete&nbsp; na vidikovcu s pogledom prema \u0160\u0107uzi, danas popularnoj i lijepo ure\u0111enoj pla\u017ei koja se nalazi u za\u0161ti\u0107enom dijelu pomerskog zaljeva.&nbsp; Radi se o umjetno pregra\u0111enoj zatvorenoj uvali u kojoj se nekad uzgajala riba. Lijep je pogled na taj dio obale i kameni mosti\u0107 koji spaja lijevu i desnu stranu plitkog zaljeva.<\/p>\n\n\n\n<p>Sastavni&nbsp; dio staze je i osjetilno-didakti\u010dka \u0161etnica za slijepe i slabovidne osobe u du\u017eini od 800 metara, koja se nalazi na samom po\u010detku pou\u010dne staze i kru\u017enog je oblika. Du\u017e ovog dijela staze postavljeno je 17 edukativnih plo\u010da na Brailleevom pismu.<\/p>\n\n\n\n<p>A nakon \u0161etnje predla\u017eemo vam da posjetite i &nbsp;Premanturu i upoznate i ovo pitoreskno mjesto, njegove trgove i uli\u010dice i po\u010dastite se u nekom od tamo\u0161njim restoranima. Odlu\u010dite li se za ru\u010dak ili ve\u010deru, preporu\u010dujemo vam neki od ribljih specijaliteta \u2013 crni ri\u017eoto, rakove ili svje\u017eu ribu \u2013 Premantura je ina\u010de nadaleko poznata po lovu na rakovice.<\/p>\n","protected":false},"featured_media":17686,"menu_order":7,"template":"","activity_type":[174],"classificator":[253,247],"class_list":["post-17709","activity","type-activity","status-publish","has-post-thumbnail","hentry","activity_type-walking-routes","classificator-premantura","classificator-walking-routes"],"acf":{"address":"","postal_code":"","web":"","email":"","phone":"","place":"","map_location":null,"custom_info":[{"label":"Lokacija","value":"Gornji Kamenjak"},{"label":"Start","value":"\u0160pilja Majke Bo\u017eje Lurdske"},{"label":"Cilj","value":"Umjetna \u0161pilja"},{"label":"Najvi\u0161a to\u010dka","value":"71 m"},{"label":"Najni\u017ea to\u010dka","value":"44 m"},{"label":"Visinska razlika","value":"27 m"},{"label":"Du\u017eina staze","value":"2,4 km"},{"label":"Vrijeme pje\u0161a\u010denja","value":"1 sat"},{"label":"Tip staze","value":"slu\u017ebena staza "},{"label":"Te\u017eina staze","value":"laka"}],"phone_numbers":null,"additional_info":null,"location":null,"video":"","gallery":[17704,17698,17692,17686]},"yoast_head":"<!-- This site is optimized with the Yoast SEO plugin v27.3 - https:\/\/yoast.com\/product\/yoast-seo-wordpress\/ -->\n<title>137 - Osjetilno-didakti\u010dka \u0161etnica Gradine - Medulin Riviera<\/title>\n<meta name=\"robots\" content=\"index, follow, max-snippet:-1, max-image-preview:large, max-video-preview:-1\" \/>\n<link rel=\"canonical\" href=\"https:\/\/www.medulinriviera.info\/hr\/activity\/137-sensory-didactic-path-gradine\/\" \/>\n<meta property=\"og:locale\" content=\"hr_HR\" \/>\n<meta property=\"og:type\" content=\"article\" \/>\n<meta property=\"og:title\" content=\"137 - Osjetilno-didakti\u010dka \u0161etnica Gradine - Medulin Riviera\" \/>\n<meta property=\"og:description\" content=\"Zanimljiva pou\u010dna \u0161etnica zapo\u010dinje na \u0161umskom putu s desne strane pri dolasku u Premanturu, to\u010dnije kod &nbsp;\u0161pilje Majke Bo\u017eje Lurdske...\" \/>\n<meta property=\"og:url\" content=\"https:\/\/www.medulinriviera.info\/hr\/activity\/137-sensory-didactic-path-gradine\/\" \/>\n<meta property=\"og:site_name\" content=\"Medulin Riviera\" \/>\n<meta property=\"article:publisher\" content=\"https:\/\/www.facebook.com\/medulinriviera\/\" \/>\n<meta property=\"article:modified_time\" content=\"2021-11-02T10:55:01+00:00\" \/>\n<meta property=\"og:image\" content=\"https:\/\/www.medulinriviera.info\/wp-content\/uploads\/2021\/04\/TZOMWEB-KamenjakBrajlica2-Studio11-scaled.jpg\" \/>\n\t<meta property=\"og:image:width\" content=\"2560\" \/>\n\t<meta property=\"og:image:height\" content=\"1706\" \/>\n\t<meta property=\"og:image:type\" content=\"image\/jpeg\" \/>\n<meta name=\"twitter:card\" content=\"summary_large_image\" \/>\n<meta name=\"twitter:label1\" content=\"Procijenjeno vrijeme \u010ditanja\" \/>\n\t<meta name=\"twitter:data1\" content=\"2 minute\" \/>\n<script type=\"application\/ld+json\" class=\"yoast-schema-graph\">{\"@context\":\"https:\\\/\\\/schema.org\",\"@graph\":[{\"@type\":\"WebPage\",\"@id\":\"https:\\\/\\\/www.medulinriviera.info\\\/hr\\\/activity\\\/137-sensory-didactic-path-gradine\\\/\",\"url\":\"https:\\\/\\\/www.medulinriviera.info\\\/hr\\\/activity\\\/137-sensory-didactic-path-gradine\\\/\",\"name\":\"137 - Osjetilno-didakti\u010dka \u0161etnica Gradine - Medulin Riviera\",\"isPartOf\":{\"@id\":\"https:\\\/\\\/www.medulinriviera.info\\\/hr\\\/#website\"},\"primaryImageOfPage\":{\"@id\":\"https:\\\/\\\/www.medulinriviera.info\\\/hr\\\/activity\\\/137-sensory-didactic-path-gradine\\\/#primaryimage\"},\"image\":{\"@id\":\"https:\\\/\\\/www.medulinriviera.info\\\/hr\\\/activity\\\/137-sensory-didactic-path-gradine\\\/#primaryimage\"},\"thumbnailUrl\":\"https:\\\/\\\/www.medulinriviera.info\\\/wp-content\\\/uploads\\\/2021\\\/04\\\/TZOMWEB-KamenjakBrajlica2-Studio11-scaled.jpg\",\"datePublished\":\"2021-04-08T13:03:35+00:00\",\"dateModified\":\"2021-11-02T10:55:01+00:00\",\"breadcrumb\":{\"@id\":\"https:\\\/\\\/www.medulinriviera.info\\\/hr\\\/activity\\\/137-sensory-didactic-path-gradine\\\/#breadcrumb\"},\"inLanguage\":\"hr\",\"potentialAction\":[{\"@type\":\"ReadAction\",\"target\":[\"https:\\\/\\\/www.medulinriviera.info\\\/hr\\\/activity\\\/137-sensory-didactic-path-gradine\\\/\"]}]},{\"@type\":\"ImageObject\",\"inLanguage\":\"hr\",\"@id\":\"https:\\\/\\\/www.medulinriviera.info\\\/hr\\\/activity\\\/137-sensory-didactic-path-gradine\\\/#primaryimage\",\"url\":\"https:\\\/\\\/www.medulinriviera.info\\\/wp-content\\\/uploads\\\/2021\\\/04\\\/TZOMWEB-KamenjakBrajlica2-Studio11-scaled.jpg\",\"contentUrl\":\"https:\\\/\\\/www.medulinriviera.info\\\/wp-content\\\/uploads\\\/2021\\\/04\\\/TZOMWEB-KamenjakBrajlica2-Studio11-scaled.jpg\",\"width\":2560,\"height\":1706},{\"@type\":\"BreadcrumbList\",\"@id\":\"https:\\\/\\\/www.medulinriviera.info\\\/hr\\\/activity\\\/137-sensory-didactic-path-gradine\\\/#breadcrumb\",\"itemListElement\":[{\"@type\":\"ListItem\",\"position\":1,\"name\":\"Home\",\"item\":\"https:\\\/\\\/www.medulinriviera.info\\\/hr\\\/\"},{\"@type\":\"ListItem\",\"position\":2,\"name\":\"137 &#8211; Osjetilno-didakti\u010dka \u0161etnica Gradine\"}]},{\"@type\":\"WebSite\",\"@id\":\"https:\\\/\\\/www.medulinriviera.info\\\/hr\\\/#website\",\"url\":\"https:\\\/\\\/www.medulinriviera.info\\\/hr\\\/\",\"name\":\"Medulin Riviera\",\"description\":\"Plavi planet\",\"publisher\":{\"@id\":\"https:\\\/\\\/www.medulinriviera.info\\\/hr\\\/#organization\"},\"potentialAction\":[{\"@type\":\"SearchAction\",\"target\":{\"@type\":\"EntryPoint\",\"urlTemplate\":\"https:\\\/\\\/www.medulinriviera.info\\\/hr\\\/?s={search_term_string}\"},\"query-input\":{\"@type\":\"PropertyValueSpecification\",\"valueRequired\":true,\"valueName\":\"search_term_string\"}}],\"inLanguage\":\"hr\"},{\"@type\":\"Organization\",\"@id\":\"https:\\\/\\\/www.medulinriviera.info\\\/hr\\\/#organization\",\"name\":\"Medulin Riviera\",\"url\":\"https:\\\/\\\/www.medulinriviera.info\\\/hr\\\/\",\"logo\":{\"@type\":\"ImageObject\",\"inLanguage\":\"hr\",\"@id\":\"https:\\\/\\\/www.medulinriviera.info\\\/hr\\\/#\\\/schema\\\/logo\\\/image\\\/\",\"url\":\"https:\\\/\\\/www.medulinriviera.info\\\/wp-content\\\/uploads\\\/2020\\\/06\\\/logo-alt.png\",\"contentUrl\":\"https:\\\/\\\/www.medulinriviera.info\\\/wp-content\\\/uploads\\\/2020\\\/06\\\/logo-alt.png\",\"width\":264,\"height\":78,\"caption\":\"Medulin Riviera\"},\"image\":{\"@id\":\"https:\\\/\\\/www.medulinriviera.info\\\/hr\\\/#\\\/schema\\\/logo\\\/image\\\/\"},\"sameAs\":[\"https:\\\/\\\/www.facebook.com\\\/medulinriviera\\\/\",\"https:\\\/\\\/www.instagram.com\\\/medulinriviera\\\/\",\"https:\\\/\\\/www.youtube.com\\\/channel\\\/UCYdC8kYbK9OEmlmeZydpumQ\"]}]}<\/script>\n<!-- \/ Yoast SEO plugin. -->","yoast_head_json":{"title":"137 - Osjetilno-didakti\u010dka \u0161etnica Gradine - Medulin Riviera","robots":{"index":"index","follow":"follow","max-snippet":"max-snippet:-1","max-image-preview":"max-image-preview:large","max-video-preview":"max-video-preview:-1"},"canonical":"https:\/\/www.medulinriviera.info\/hr\/activity\/137-sensory-didactic-path-gradine\/","og_locale":"hr_HR","og_type":"article","og_title":"137 - Osjetilno-didakti\u010dka \u0161etnica Gradine - Medulin Riviera","og_description":"Zanimljiva pou\u010dna \u0161etnica zapo\u010dinje na \u0161umskom putu s desne strane pri dolasku u Premanturu, to\u010dnije kod &nbsp;\u0161pilje Majke Bo\u017eje Lurdske...","og_url":"https:\/\/www.medulinriviera.info\/hr\/activity\/137-sensory-didactic-path-gradine\/","og_site_name":"Medulin Riviera","article_publisher":"https:\/\/www.facebook.com\/medulinriviera\/","article_modified_time":"2021-11-02T10:55:01+00:00","og_image":[{"width":2560,"height":1706,"url":"https:\/\/www.medulinriviera.info\/wp-content\/uploads\/2021\/04\/TZOMWEB-KamenjakBrajlica2-Studio11-scaled.jpg","type":"image\/jpeg"}],"twitter_card":"summary_large_image","twitter_misc":{"Procijenjeno vrijeme \u010ditanja":"2 minute"},"schema":{"@context":"https:\/\/schema.org","@graph":[{"@type":"WebPage","@id":"https:\/\/www.medulinriviera.info\/hr\/activity\/137-sensory-didactic-path-gradine\/","url":"https:\/\/www.medulinriviera.info\/hr\/activity\/137-sensory-didactic-path-gradine\/","name":"137 - Osjetilno-didakti\u010dka \u0161etnica Gradine - Medulin Riviera","isPartOf":{"@id":"https:\/\/www.medulinriviera.info\/hr\/#website"},"primaryImageOfPage":{"@id":"https:\/\/www.medulinriviera.info\/hr\/activity\/137-sensory-didactic-path-gradine\/#primaryimage"},"image":{"@id":"https:\/\/www.medulinriviera.info\/hr\/activity\/137-sensory-didactic-path-gradine\/#primaryimage"},"thumbnailUrl":"https:\/\/www.medulinriviera.info\/wp-content\/uploads\/2021\/04\/TZOMWEB-KamenjakBrajlica2-Studio11-scaled.jpg","datePublished":"2021-04-08T13:03:35+00:00","dateModified":"2021-11-02T10:55:01+00:00","breadcrumb":{"@id":"https:\/\/www.medulinriviera.info\/hr\/activity\/137-sensory-didactic-path-gradine\/#breadcrumb"},"inLanguage":"hr","potentialAction":[{"@type":"ReadAction","target":["https:\/\/www.medulinriviera.info\/hr\/activity\/137-sensory-didactic-path-gradine\/"]}]},{"@type":"ImageObject","inLanguage":"hr","@id":"https:\/\/www.medulinriviera.info\/hr\/activity\/137-sensory-didactic-path-gradine\/#primaryimage","url":"https:\/\/www.medulinriviera.info\/wp-content\/uploads\/2021\/04\/TZOMWEB-KamenjakBrajlica2-Studio11-scaled.jpg","contentUrl":"https:\/\/www.medulinriviera.info\/wp-content\/uploads\/2021\/04\/TZOMWEB-KamenjakBrajlica2-Studio11-scaled.jpg","width":2560,"height":1706},{"@type":"BreadcrumbList","@id":"https:\/\/www.medulinriviera.info\/hr\/activity\/137-sensory-didactic-path-gradine\/#breadcrumb","itemListElement":[{"@type":"ListItem","position":1,"name":"Home","item":"https:\/\/www.medulinriviera.info\/hr\/"},{"@type":"ListItem","position":2,"name":"137 &#8211; Osjetilno-didakti\u010dka \u0161etnica Gradine"}]},{"@type":"WebSite","@id":"https:\/\/www.medulinriviera.info\/hr\/#website","url":"https:\/\/www.medulinriviera.info\/hr\/","name":"Medulin Riviera","description":"Plavi planet","publisher":{"@id":"https:\/\/www.medulinriviera.info\/hr\/#organization"},"potentialAction":[{"@type":"SearchAction","target":{"@type":"EntryPoint","urlTemplate":"https:\/\/www.medulinriviera.info\/hr\/?s={search_term_string}"},"query-input":{"@type":"PropertyValueSpecification","valueRequired":true,"valueName":"search_term_string"}}],"inLanguage":"hr"},{"@type":"Organization","@id":"https:\/\/www.medulinriviera.info\/hr\/#organization","name":"Medulin Riviera","url":"https:\/\/www.medulinriviera.info\/hr\/","logo":{"@type":"ImageObject","inLanguage":"hr","@id":"https:\/\/www.medulinriviera.info\/hr\/#\/schema\/logo\/image\/","url":"https:\/\/www.medulinriviera.info\/wp-content\/uploads\/2020\/06\/logo-alt.png","contentUrl":"https:\/\/www.medulinriviera.info\/wp-content\/uploads\/2020\/06\/logo-alt.png","width":264,"height":78,"caption":"Medulin Riviera"},"image":{"@id":"https:\/\/www.medulinriviera.info\/hr\/#\/schema\/logo\/image\/"},"sameAs":["https:\/\/www.facebook.com\/medulinriviera\/","https:\/\/www.instagram.com\/medulinriviera\/","https:\/\/www.youtube.com\/channel\/UCYdC8kYbK9OEmlmeZydpumQ"]}]}},"wpml_current_locale":"hr","wpml_translations":[{"locale":"en_US","id":17684,"post_title":"137 - Sensory-Didactic Path Gradine","href":"https:\/\/www.medulinriviera.info\/137-sensory-didactic-path-gradine\/"},{"locale":"fr_FR","id":17710,"post_title":"137 - Promenade sensorielle et didactique de Gradina","href":"https:\/\/www.medulinriviera.info\/fr\/137-sensory-didactic-path-gradine\/"},{"locale":"de_DE","id":17711,"post_title":"137 \u2013Taktil-didaktischer Spazierweg Gradine","href":"https:\/\/www.medulinriviera.info\/de\/137-sensory-didactic-path-gradine\/"},{"locale":"it_IT","id":17712,"post_title":"137 \u2013 Percorso didattico e sensoriale Gradine","href":"https:\/\/www.medulinriviera.info\/it\/137-sensory-didactic-path-gradine\/"}],"_links":{"self":[{"href":"https:\/\/www.medulinriviera.info\/hr\/wp-json\/wp\/v2\/activity\/17709","targetHints":{"allow":["GET"]}}],"collection":[{"href":"https:\/\/www.medulinriviera.info\/hr\/wp-json\/wp\/v2\/activity"}],"about":[{"href":"https:\/\/www.medulinriviera.info\/hr\/wp-json\/wp\/v2\/types\/activity"}],"acf:attachment":[{"embeddable":true,"href":"https:\/\/www.medulinriviera.info\/hr\/wp-json\/wp\/v2\/media\/17686"},{"embeddable":true,"href":"https:\/\/www.medulinriviera.info\/hr\/wp-json\/wp\/v2\/media\/17692"},{"embeddable":true,"href":"https:\/\/www.medulinriviera.info\/hr\/wp-json\/wp\/v2\/media\/17698"},{"embeddable":true,"href":"https:\/\/www.medulinriviera.info\/hr\/wp-json\/wp\/v2\/media\/17704"}],"wp:featuredmedia":[{"embeddable":true,"href":"https:\/\/www.medulinriviera.info\/hr\/wp-json\/wp\/v2\/media\/17686"}],"wp:attachment":[{"href":"https:\/\/www.medulinriviera.info\/hr\/wp-json\/wp\/v2\/media?parent=17709"}],"wp:term":[{"taxonomy":"activity_type","embeddable":true,"href":"https:\/\/www.medulinriviera.info\/hr\/wp-json\/wp\/v2\/activity_type?post=17709"},{"taxonomy":"classificator","embeddable":true,"href":"https:\/\/www.medulinriviera.info\/hr\/wp-json\/wp\/v2\/classificator?post=17709"}],"curies":[{"name":"wp","href":"https:\/\/api.w.org\/{rel}","templated":true}]}}