{"id":17710,"date":"2021-04-08T15:04:25","date_gmt":"2021-04-08T13:04:25","guid":{"rendered":"https:\/\/www.medulinriviera.info\/?post_type=activity&#038;p=17710"},"modified":"2021-11-02T11:55:34","modified_gmt":"2021-11-02T10:55:34","slug":"137-sensory-didactic-path-gradine","status":"publish","type":"activity","link":"https:\/\/www.medulinriviera.info\/fr\/activity\/137-sensory-didactic-path-gradine\/","title":{"rendered":"137 &#8211; Promenade sensorielle et didactique de Gradina"},"content":{"rendered":"\n<iframe loading=\"lazy\" class=\"alltrails\" src=\"https:\/\/www.alltrails.com\/widget\/map\/map-5c645cc--43?u=m\" width=\"100%\" height=\"400\" frameborder=\"0\" scrolling=\"no\" marginheight=\"0\" marginwidth=\"0\" title=\"AllTrails: Trail Guides and Maps for Hiking, Camping, and Running\"><\/iframe>\n\n\n\n<div class=\"wp-block-buttons is-layout-flex wp-block-buttons-is-layout-flex\">\n<div class=\"wp-block-button has-custom-width wp-block-button__width-100 btn-routes-download\"><a class=\"wp-block-button__link\" href=\"https:\/\/www.istria-trails.com\/.app\/download.php?file=T137-Staza_Gradine.gpx\">Download route<\/a><\/div>\n<\/div>\n\n\n\n<p>Une int\u00e9ressante promenade \u00e9ducative commence sur la route foresti\u00e8re sur le c\u00f4t\u00e9 droit \u00e0 l&rsquo;arriv\u00e9e \u00e0 Premantura, plus pr\u00e9cis\u00e9ment \u00e0 la grotte de la M\u00e8re de Dieu de Lourdes \u00e0 Gornji Kamenjak.<\/p>\n\n\n\n<p>Le sentier n&rsquo;est pas difficile &#8211; dans environ une heure, combien de temps il vous faudra pour le parcourir, vous appr\u00e9cierez les belles vues, la belle nature, l&rsquo;odeur et le bleu de la mer, que vous verrez presque tout le chemin.<\/p>\n\n\n\n<p>En marchant le long du sentier, il y aura une s\u00e9rie de beaut\u00e9s naturelles et de curiosit\u00e9s construites \u00e0 la main &#8211; de la grotte \u00e0 Castrum et \u00e0 la station de r\u00e9flecteur et \u00e0 la batterie d\u2019artillerie de Gomila, et \u00e0 c\u00f4t\u00e9 de chacun d&rsquo;eux, vous trouverez un tableau avec des informations int\u00e9ressantes, afin que vous puissiez en apprendre davantage sur l&rsquo;histoire de ce paysage. \u00c0 savoir, pendant la domination austro-hongroise de l&rsquo;Istrie, la r\u00e9gion de Donji et Gornji Kamenjak faisait partie de la ligne d\u00e9fensive de la ville de Pula. Pr\u00e9cis\u00e9ment pour la d\u00e9fense de Pula, un certain nombre de bunkers, batteries d\u2019artillerie et autres infrastructures ont \u00e9t\u00e9 construits, qui sont toujours dans la r\u00e9gion aujourd&rsquo;hui et sont tr\u00e8s attractifs.<\/p>\n\n\n\n<p>Nous vous recommandons vivement de vous arr\u00eater au belv\u00e9d\u00e8re avec vue sur \u0160\u0107uza, aujourd&rsquo;hui une plage populaire et magnifiquement am\u00e9nag\u00e9e situ\u00e9e dans une partie prot\u00e9g\u00e9e de la baie de Pomer.&nbsp; C&rsquo;est une baie ferm\u00e9e artificiellement endigu\u00e9e o\u00f9 le poisson \u00e9tait autrefois \u00e9lev\u00e9. Il y a une belle vue sur cette partie de la c\u00f4te et le pont de pierre qui relie les c\u00f4t\u00e9s gauche et droit de la baie peu profonde.<\/p>\n\n\n\n<p>Une promenade sensorielle-didactique pour aveugles et malvoyants d&rsquo;une longueur de 800 m\u00e8tres fait partie int\u00e9grante du parcours, situ\u00e9e au d\u00e9but du parcours \u00e9ducatif et de forme circulaire. Le long de cette partie du parcours, 17 panneaux \u00e9ducatifs ont \u00e9t\u00e9 plac\u00e9s en braille.<\/p>\n\n\n\n<p>Et apr\u00e8s la promenade, nous vous sugg\u00e9rons de visiter Premantura et de d\u00e9couvrir ce lieu pittoresque, ses places et ses ruelles et de vous offrir l&rsquo;un des restaurants locaux. Si vous d\u00e9cidez pour le d\u00e9jeuner ou le d\u00eener, nous vous recommandons certaines des sp\u00e9cialit\u00e9s de poisson &#8211; risotto noir, crabes ou poisson frais \u2013 Premantura est largement connue pour sa chasse au crabe.<\/p>\n","protected":false},"featured_media":17687,"menu_order":7,"template":"","activity_type":[177],"classificator":[253,247],"class_list":["post-17710","activity","type-activity","status-publish","has-post-thumbnail","hentry","activity_type-walking-routes","classificator-premantura","classificator-walking-routes"],"acf":{"address":"","postal_code":"","web":"","email":"","phone":"","place":"","map_location":null,"custom_info":[{"label":"Lieu","value":"Gornji Kamenjak"},{"label":"D\u00e9part","value":"Grotte de Notre-Dame de Lourdes"},{"label":"Arriv\u00e9e","value":"grotte artificielle"},{"label":"Point le plus haut","value":"71 m"},{"label":"Point le plus bas","value":"44 m"},{"label":"Altitude","value":"27 m"},{"label":"Longueur","value":"2,4 km"},{"label":"Dur\u00e9e","value":"1 h"},{"label":"Difficult\u00e9","value":"Facile"},{"label":"Type","value":"Piste officielle"}],"phone_numbers":null,"additional_info":null,"location":null,"video":"","gallery":[17705,17699,17693,17687]},"yoast_head":"<!-- This site is optimized with the Yoast SEO plugin v27.3 - https:\/\/yoast.com\/product\/yoast-seo-wordpress\/ -->\n<title>137 - Promenade sensorielle et didactique de Gradina - Medulin Riviera<\/title>\n<meta name=\"robots\" content=\"index, follow, max-snippet:-1, max-image-preview:large, max-video-preview:-1\" \/>\n<link rel=\"canonical\" href=\"https:\/\/www.medulinriviera.info\/fr\/activity\/137-sensory-didactic-path-gradine\/\" \/>\n<meta property=\"og:locale\" content=\"fr_FR\" \/>\n<meta property=\"og:type\" content=\"article\" \/>\n<meta property=\"og:title\" content=\"137 - Promenade sensorielle et didactique de Gradina - Medulin Riviera\" \/>\n<meta property=\"og:description\" content=\"Une int\u00e9ressante promenade \u00e9ducative commence sur la route foresti\u00e8re sur le c\u00f4t\u00e9 droit \u00e0 l&rsquo;arriv\u00e9e \u00e0 Premantura, plus pr\u00e9cis\u00e9ment \u00e0...\" \/>\n<meta property=\"og:url\" content=\"https:\/\/www.medulinriviera.info\/fr\/activity\/137-sensory-didactic-path-gradine\/\" \/>\n<meta property=\"og:site_name\" content=\"Medulin Riviera\" \/>\n<meta property=\"article:publisher\" content=\"https:\/\/www.facebook.com\/medulinriviera\/\" \/>\n<meta property=\"article:modified_time\" content=\"2021-11-02T10:55:34+00:00\" \/>\n<meta property=\"og:image\" content=\"https:\/\/www.medulinriviera.info\/wp-content\/uploads\/2021\/04\/TZOMWEB-KamenjakBrajlica2-Studio11-scaled.jpg\" \/>\n\t<meta property=\"og:image:width\" content=\"2560\" \/>\n\t<meta property=\"og:image:height\" content=\"1706\" \/>\n\t<meta property=\"og:image:type\" content=\"image\/jpeg\" \/>\n<meta name=\"twitter:card\" content=\"summary_large_image\" \/>\n<meta name=\"twitter:label1\" content=\"Dur\u00e9e de lecture estim\u00e9e\" \/>\n\t<meta name=\"twitter:data1\" content=\"2 minutes\" \/>\n<script type=\"application\/ld+json\" class=\"yoast-schema-graph\">{\"@context\":\"https:\\\/\\\/schema.org\",\"@graph\":[{\"@type\":\"WebPage\",\"@id\":\"https:\\\/\\\/www.medulinriviera.info\\\/fr\\\/activity\\\/137-sensory-didactic-path-gradine\\\/\",\"url\":\"https:\\\/\\\/www.medulinriviera.info\\\/fr\\\/activity\\\/137-sensory-didactic-path-gradine\\\/\",\"name\":\"137 - Promenade sensorielle et didactique de Gradina - Medulin Riviera\",\"isPartOf\":{\"@id\":\"https:\\\/\\\/www.medulinriviera.info\\\/fr\\\/#website\"},\"primaryImageOfPage\":{\"@id\":\"https:\\\/\\\/www.medulinriviera.info\\\/fr\\\/activity\\\/137-sensory-didactic-path-gradine\\\/#primaryimage\"},\"image\":{\"@id\":\"https:\\\/\\\/www.medulinriviera.info\\\/fr\\\/activity\\\/137-sensory-didactic-path-gradine\\\/#primaryimage\"},\"thumbnailUrl\":\"https:\\\/\\\/www.medulinriviera.info\\\/wp-content\\\/uploads\\\/2021\\\/04\\\/TZOMWEB-KamenjakBrajlica2-Studio11-scaled.jpg\",\"datePublished\":\"2021-04-08T13:04:25+00:00\",\"dateModified\":\"2021-11-02T10:55:34+00:00\",\"breadcrumb\":{\"@id\":\"https:\\\/\\\/www.medulinriviera.info\\\/fr\\\/activity\\\/137-sensory-didactic-path-gradine\\\/#breadcrumb\"},\"inLanguage\":\"fr-FR\",\"potentialAction\":[{\"@type\":\"ReadAction\",\"target\":[\"https:\\\/\\\/www.medulinriviera.info\\\/fr\\\/activity\\\/137-sensory-didactic-path-gradine\\\/\"]}]},{\"@type\":\"ImageObject\",\"inLanguage\":\"fr-FR\",\"@id\":\"https:\\\/\\\/www.medulinriviera.info\\\/fr\\\/activity\\\/137-sensory-didactic-path-gradine\\\/#primaryimage\",\"url\":\"https:\\\/\\\/www.medulinriviera.info\\\/wp-content\\\/uploads\\\/2021\\\/04\\\/TZOMWEB-KamenjakBrajlica2-Studio11-scaled.jpg\",\"contentUrl\":\"https:\\\/\\\/www.medulinriviera.info\\\/wp-content\\\/uploads\\\/2021\\\/04\\\/TZOMWEB-KamenjakBrajlica2-Studio11-scaled.jpg\",\"width\":2560,\"height\":1706},{\"@type\":\"BreadcrumbList\",\"@id\":\"https:\\\/\\\/www.medulinriviera.info\\\/fr\\\/activity\\\/137-sensory-didactic-path-gradine\\\/#breadcrumb\",\"itemListElement\":[{\"@type\":\"ListItem\",\"position\":1,\"name\":\"Home\",\"item\":\"https:\\\/\\\/www.medulinriviera.info\\\/fr\\\/\"},{\"@type\":\"ListItem\",\"position\":2,\"name\":\"137 &#8211; Promenade sensorielle et didactique de Gradina\"}]},{\"@type\":\"WebSite\",\"@id\":\"https:\\\/\\\/www.medulinriviera.info\\\/fr\\\/#website\",\"url\":\"https:\\\/\\\/www.medulinriviera.info\\\/fr\\\/\",\"name\":\"Medulin Riviera\",\"description\":\"La Plan\u00e8te bleue\",\"publisher\":{\"@id\":\"https:\\\/\\\/www.medulinriviera.info\\\/fr\\\/#organization\"},\"potentialAction\":[{\"@type\":\"SearchAction\",\"target\":{\"@type\":\"EntryPoint\",\"urlTemplate\":\"https:\\\/\\\/www.medulinriviera.info\\\/fr\\\/?s={search_term_string}\"},\"query-input\":{\"@type\":\"PropertyValueSpecification\",\"valueRequired\":true,\"valueName\":\"search_term_string\"}}],\"inLanguage\":\"fr-FR\"},{\"@type\":\"Organization\",\"@id\":\"https:\\\/\\\/www.medulinriviera.info\\\/fr\\\/#organization\",\"name\":\"Medulin Riviera\",\"url\":\"https:\\\/\\\/www.medulinriviera.info\\\/fr\\\/\",\"logo\":{\"@type\":\"ImageObject\",\"inLanguage\":\"fr-FR\",\"@id\":\"https:\\\/\\\/www.medulinriviera.info\\\/fr\\\/#\\\/schema\\\/logo\\\/image\\\/\",\"url\":\"https:\\\/\\\/www.medulinriviera.info\\\/wp-content\\\/uploads\\\/2020\\\/06\\\/logo-alt.png\",\"contentUrl\":\"https:\\\/\\\/www.medulinriviera.info\\\/wp-content\\\/uploads\\\/2020\\\/06\\\/logo-alt.png\",\"width\":264,\"height\":78,\"caption\":\"Medulin Riviera\"},\"image\":{\"@id\":\"https:\\\/\\\/www.medulinriviera.info\\\/fr\\\/#\\\/schema\\\/logo\\\/image\\\/\"},\"sameAs\":[\"https:\\\/\\\/www.facebook.com\\\/medulinriviera\\\/\",\"https:\\\/\\\/www.instagram.com\\\/medulinriviera\\\/\",\"https:\\\/\\\/www.youtube.com\\\/channel\\\/UCYdC8kYbK9OEmlmeZydpumQ\"]}]}<\/script>\n<!-- \/ Yoast SEO plugin. -->","yoast_head_json":{"title":"137 - Promenade sensorielle et didactique de Gradina - Medulin Riviera","robots":{"index":"index","follow":"follow","max-snippet":"max-snippet:-1","max-image-preview":"max-image-preview:large","max-video-preview":"max-video-preview:-1"},"canonical":"https:\/\/www.medulinriviera.info\/fr\/activity\/137-sensory-didactic-path-gradine\/","og_locale":"fr_FR","og_type":"article","og_title":"137 - Promenade sensorielle et didactique de Gradina - Medulin Riviera","og_description":"Une int\u00e9ressante promenade \u00e9ducative commence sur la route foresti\u00e8re sur le c\u00f4t\u00e9 droit \u00e0 l&rsquo;arriv\u00e9e \u00e0 Premantura, plus pr\u00e9cis\u00e9ment \u00e0...","og_url":"https:\/\/www.medulinriviera.info\/fr\/activity\/137-sensory-didactic-path-gradine\/","og_site_name":"Medulin Riviera","article_publisher":"https:\/\/www.facebook.com\/medulinriviera\/","article_modified_time":"2021-11-02T10:55:34+00:00","og_image":[{"width":2560,"height":1706,"url":"https:\/\/www.medulinriviera.info\/wp-content\/uploads\/2021\/04\/TZOMWEB-KamenjakBrajlica2-Studio11-scaled.jpg","type":"image\/jpeg"}],"twitter_card":"summary_large_image","twitter_misc":{"Dur\u00e9e de lecture estim\u00e9e":"2 minutes"},"schema":{"@context":"https:\/\/schema.org","@graph":[{"@type":"WebPage","@id":"https:\/\/www.medulinriviera.info\/fr\/activity\/137-sensory-didactic-path-gradine\/","url":"https:\/\/www.medulinriviera.info\/fr\/activity\/137-sensory-didactic-path-gradine\/","name":"137 - Promenade sensorielle et didactique de Gradina - Medulin Riviera","isPartOf":{"@id":"https:\/\/www.medulinriviera.info\/fr\/#website"},"primaryImageOfPage":{"@id":"https:\/\/www.medulinriviera.info\/fr\/activity\/137-sensory-didactic-path-gradine\/#primaryimage"},"image":{"@id":"https:\/\/www.medulinriviera.info\/fr\/activity\/137-sensory-didactic-path-gradine\/#primaryimage"},"thumbnailUrl":"https:\/\/www.medulinriviera.info\/wp-content\/uploads\/2021\/04\/TZOMWEB-KamenjakBrajlica2-Studio11-scaled.jpg","datePublished":"2021-04-08T13:04:25+00:00","dateModified":"2021-11-02T10:55:34+00:00","breadcrumb":{"@id":"https:\/\/www.medulinriviera.info\/fr\/activity\/137-sensory-didactic-path-gradine\/#breadcrumb"},"inLanguage":"fr-FR","potentialAction":[{"@type":"ReadAction","target":["https:\/\/www.medulinriviera.info\/fr\/activity\/137-sensory-didactic-path-gradine\/"]}]},{"@type":"ImageObject","inLanguage":"fr-FR","@id":"https:\/\/www.medulinriviera.info\/fr\/activity\/137-sensory-didactic-path-gradine\/#primaryimage","url":"https:\/\/www.medulinriviera.info\/wp-content\/uploads\/2021\/04\/TZOMWEB-KamenjakBrajlica2-Studio11-scaled.jpg","contentUrl":"https:\/\/www.medulinriviera.info\/wp-content\/uploads\/2021\/04\/TZOMWEB-KamenjakBrajlica2-Studio11-scaled.jpg","width":2560,"height":1706},{"@type":"BreadcrumbList","@id":"https:\/\/www.medulinriviera.info\/fr\/activity\/137-sensory-didactic-path-gradine\/#breadcrumb","itemListElement":[{"@type":"ListItem","position":1,"name":"Home","item":"https:\/\/www.medulinriviera.info\/fr\/"},{"@type":"ListItem","position":2,"name":"137 &#8211; Promenade sensorielle et didactique de Gradina"}]},{"@type":"WebSite","@id":"https:\/\/www.medulinriviera.info\/fr\/#website","url":"https:\/\/www.medulinriviera.info\/fr\/","name":"Medulin Riviera","description":"La Plan\u00e8te bleue","publisher":{"@id":"https:\/\/www.medulinriviera.info\/fr\/#organization"},"potentialAction":[{"@type":"SearchAction","target":{"@type":"EntryPoint","urlTemplate":"https:\/\/www.medulinriviera.info\/fr\/?s={search_term_string}"},"query-input":{"@type":"PropertyValueSpecification","valueRequired":true,"valueName":"search_term_string"}}],"inLanguage":"fr-FR"},{"@type":"Organization","@id":"https:\/\/www.medulinriviera.info\/fr\/#organization","name":"Medulin Riviera","url":"https:\/\/www.medulinriviera.info\/fr\/","logo":{"@type":"ImageObject","inLanguage":"fr-FR","@id":"https:\/\/www.medulinriviera.info\/fr\/#\/schema\/logo\/image\/","url":"https:\/\/www.medulinriviera.info\/wp-content\/uploads\/2020\/06\/logo-alt.png","contentUrl":"https:\/\/www.medulinriviera.info\/wp-content\/uploads\/2020\/06\/logo-alt.png","width":264,"height":78,"caption":"Medulin Riviera"},"image":{"@id":"https:\/\/www.medulinriviera.info\/fr\/#\/schema\/logo\/image\/"},"sameAs":["https:\/\/www.facebook.com\/medulinriviera\/","https:\/\/www.instagram.com\/medulinriviera\/","https:\/\/www.youtube.com\/channel\/UCYdC8kYbK9OEmlmeZydpumQ"]}]}},"wpml_current_locale":"fr_FR","wpml_translations":[{"locale":"hr","id":17709,"post_title":"137 - Osjetilno-didakti\u010dka \u0161etnica Gradine","href":"https:\/\/www.medulinriviera.info\/hr\/137-sensory-didactic-path-gradine\/"},{"locale":"en_US","id":17684,"post_title":"137 - Sensory-Didactic Path Gradine","href":"https:\/\/www.medulinriviera.info\/137-sensory-didactic-path-gradine\/"},{"locale":"de_DE","id":17711,"post_title":"137 \u2013Taktil-didaktischer Spazierweg Gradine","href":"https:\/\/www.medulinriviera.info\/de\/137-sensory-didactic-path-gradine\/"},{"locale":"it_IT","id":17712,"post_title":"137 \u2013 Percorso didattico e sensoriale Gradine","href":"https:\/\/www.medulinriviera.info\/it\/137-sensory-didactic-path-gradine\/"}],"_links":{"self":[{"href":"https:\/\/www.medulinriviera.info\/fr\/wp-json\/wp\/v2\/activity\/17710","targetHints":{"allow":["GET"]}}],"collection":[{"href":"https:\/\/www.medulinriviera.info\/fr\/wp-json\/wp\/v2\/activity"}],"about":[{"href":"https:\/\/www.medulinriviera.info\/fr\/wp-json\/wp\/v2\/types\/activity"}],"acf:attachment":[{"embeddable":true,"href":"https:\/\/www.medulinriviera.info\/fr\/wp-json\/wp\/v2\/media\/17687"},{"embeddable":true,"href":"https:\/\/www.medulinriviera.info\/fr\/wp-json\/wp\/v2\/media\/17693"},{"embeddable":true,"href":"https:\/\/www.medulinriviera.info\/fr\/wp-json\/wp\/v2\/media\/17699"},{"embeddable":true,"href":"https:\/\/www.medulinriviera.info\/fr\/wp-json\/wp\/v2\/media\/17705"}],"wp:featuredmedia":[{"embeddable":true,"href":"https:\/\/www.medulinriviera.info\/fr\/wp-json\/wp\/v2\/media\/17687"}],"wp:attachment":[{"href":"https:\/\/www.medulinriviera.info\/fr\/wp-json\/wp\/v2\/media?parent=17710"}],"wp:term":[{"taxonomy":"activity_type","embeddable":true,"href":"https:\/\/www.medulinriviera.info\/fr\/wp-json\/wp\/v2\/activity_type?post=17710"},{"taxonomy":"classificator","embeddable":true,"href":"https:\/\/www.medulinriviera.info\/fr\/wp-json\/wp\/v2\/classificator?post=17710"}],"curies":[{"name":"wp","href":"https:\/\/api.w.org\/{rel}","templated":true}]}}